{"id":6861,"date":"2011-09-25T21:53:58","date_gmt":"2011-09-25T20:53:58","guid":{"rendered":"http:\/\/regionmazowsze.pl\/?page_id=6861"},"modified":"2015-08-12T11:26:49","modified_gmt":"2015-08-12T10:26:49","slug":"historia","status":"publish","type":"page","link":"https:\/\/regionmazowsze.pl\/?page_id=6861","title":{"rendered":"Historia"},"content":{"rendered":"<ul>\n<li><a href=\"http:\/\/dzieje.pl\/\" target=\"_blank\">www.dzieje.pl<\/a><\/li>\n<li><a href=\"http:\/\/www.agad.archiwa.gov.pl\/\" target=\"_blank\">Archiwum G\u0142\u00f3wne Akt Dawnych<\/a><\/li>\n<li><a href=\"http:\/\/www.muzeumpilsudski.pl\/\" target=\"_blank\">muzeumpilsudski.pl<\/a><\/li>\n<li><a href=\"http:\/\/www.faktysmolensk.gov.pl\/\" target=\"_blank\"><strong>faktysmole\u0144sk.gov.pl<\/strong><\/a><\/li>\n<li><a href=\"http:\/\/www.histmag.org\/\" target=\"_blank\">www.histmag.org\/<\/a><\/li>\n<li><a href=\"http:\/\/www.podziemie.com.pl\/\" target=\"_blank\">podziemie.com.pl<\/a><\/li>\n<li><a href=\"http:\/\/www.polskieradio.pl\/101,StanWojenny\" target=\"_blank\">polskieradio.pl\/StanWojenny<\/a><\/li>\n<li><a href=\"http:\/\/www.sss.net.pl\/\" target=\"_blank\">Stowarzyszenie Sie\u0107 Solidarno\u015bci<\/a> \/<a href=\"http:\/\/sychut.com\/\" target=\"_blank\">sychut.com<\/a><\/li>\n<li><a href=\"http:\/\/historiaimedia.org\/\" target=\"_blank\">historiaimedia.org<\/a><\/li>\n<li><a href=\"http:\/\/okragly-stol.pl\/szyfrogramy\/\" target=\"_blank\">okragly-stol.pl\/szyfrogramy\/<\/a><\/li>\n<li><a href=\"http:\/\/audiovis.nac.gov.pl\/\" target=\"_blank\">audiovis.nac.gov.pl<\/a><\/li>\n<li><a href=\"http:\/\/www2.kazimierznowak.pl\" target=\"_blank\">www2.kazimierznowak.pl<\/a><\/li>\n<li><a href=\"http:\/\/razem89.pl\/rok-1989-rok-cudow\/\" target=\"_blank\">Razem89<\/a><\/li>\n<li><a href=\"http:\/\/www.13grudnia81.pl\/\" target=\"_blank\">www.13grudnia81.pl<\/a><\/li>\n<li><a href=\"http:\/\/www.archiwa.gov.pl\" target=\"_blank\">archiwa.gov.pl<\/a><\/li>\n<li><a href=\"http:\/\/www.goethe.de\/ges\/pok\/prj\/usv\/plindex.htm\" target=\"_blank\">goethe.de<\/a><\/li>\n<li><a href=\"http:\/\/zakladajciekomitety.pl\/\" target=\"_blank\">www.zakladajciekomitety.pl<\/a><\/li>\n<li><a href=\"http:\/\/13grudnia81.pl\/portal\/sw\/702\/\" target=\"_blank\">Portal 13 grudnia 1981<\/a><\/li>\n<li><a href=\"http:\/\/www.dsh.waw.pl\/\" target=\"_blank\">Dom Spotka\u0144 z Histori\u0105<\/a><\/li>\n<li><a href=\"http:\/\/www.ihuw.pl\/\" target=\"_blank\">Instytut Historyczny UW<\/a><\/li>\n<li><a href=\"http:\/\/www.jewishmuseum.org.pl\/pl\/wydarzenie\/dziesiata-kropla-i-szukajac-gwiazd\" target=\"_blank\">Muzeum Historii \u017byd\u00f3w Polskich<\/a><\/li>\n<li><a href=\"http:\/\/www.sprawiedliwi.org.pl\/pl\/cms\/strona-glowna\/\" target=\"_blank\">sprawiedliwi.org.pl<\/a><\/li>\n<li><a href=\"http:\/\/www.muzhp.pl\/muzeum\/19\/kontakt.html.html\" target=\"_blank\">Muzeum Historii Polski<\/a><\/li>\n<li><a href=\"http:\/\/www.ipn.gov.pl\">Instytut Pami\u0119ci Narodowej<\/a><\/li>\n<li><a href=\"http:\/\/www.historia.org.pl\" target=\"_blank\">historia.org.pl<\/a><\/li>\n<li><a href=\"http:\/\/www.kronikarp.pl\" target=\"_blank\">Kronika RP<\/a><\/li>\n<li><a href=\"http:\/\/www.sppw1944.org\/index.html?http:\/\/www.sppw1944.org\/pamiec\/mapa_pamieci.html\" target=\"_blank\">Powstanie Warszawskie &#8211; miejsca pami\u0119ci<\/a><\/li>\n<li><a href=\"http:\/\/pl.auschwitz.org\/lekcja\/1\/\" target=\"_blank\">Auschwitz-Birkenau<\/a><\/li>\n<li><a href=\"http:\/\/www.centrumdialogu.com\/\" target=\"_blank\">Centrum Dialogu im. Marka Edelmana w \u0141odzi<\/a><\/li>\n<li><a href=\"http:\/\/www.mnw.art.pl\/index.php\/pl\/kalendarium\/wyklady\/\" target=\"_blank\">Muzeum Narodowe w Warszawie<\/a><\/li>\n<li><a href=\"http:\/\/www.instytutksiazki.pl\/p,dkk.html\" target=\"_blank\">Instytut ksi\u0105\u017cki<\/a><\/li>\n<li><a href=\"http:\/\/www.wolnaeuropa.pl\/\" target=\"_blank\">Wolna Europa<\/a><\/li>\n<li><a href=\"http:\/\/wid.org.pl\/index.php?option=com_frontpage&amp;Itemid=1\" target=\"_blank\">Fundacja &#8222;Wolno\u015b\u0107 i Demokracja&#8221;<\/a><\/li>\n<li><a href=\"http:\/\/www.oralhistory.pl\/\" target=\"_blank\">Historie m\u00f3wione<\/a><\/li>\n<li><a href=\"tojuzbylo.pl\/\" target=\"_blank\">Tojuzbylo.pl<\/a><\/li>\n<\/ul>\n<p><iframe src=\"\/\/www.youtube.com\/embed\/Seg0Obiaf74\" width=\"560\" height=\"215\" frameborder=\"0\" allowfullscreen=\"allowfullscreen\"><\/iframe><\/p>\n<p><iframe src=\"https:\/\/www.youtube.com\/embed\/XfR9gpmAeUw\" width=\"560\" height=\"215\" frameborder=\"0\" allowfullscreen=\"allowfullscreen\"><\/iframe><\/p>\n<p><iframe src=\"https:\/\/www.youtube.com\/embed\/sH1W-_M0J28\" width=\"560\" height=\"215\" frameborder=\"0\" allowfullscreen=\"allowfullscreen\"><\/iframe><\/p>\n","protected":false},"excerpt":{"rendered":"<p>www.dzieje.pl Archiwum G\u0142\u00f3wne Akt Dawnych muzeumpilsudski.pl faktysmole\u0144sk.gov.pl www.histmag.org\/ podziemie.com.pl polskieradio.pl\/StanWojenny Stowarzyszenie Sie\u0107 Solidarno\u015bci \/sychut.com historiaimedia.org okragly-stol.pl\/szyfrogramy\/ audiovis.nac.gov.pl www2.kazimierznowak.pl Razem89 www.13grudnia81.pl archiwa.gov.pl goethe.de www.zakladajciekomitety.pl Portal 13 grudnia 1981 Dom Spotka\u0144 z Histori\u0105 Instytut Historyczny UW Muzeum Historii \u017byd\u00f3w Polskich sprawiedliwi.org.pl Muzeum Historii Polski Instytut Pami\u0119ci Narodowej historia.org.pl Kronika RP Powstanie Warszawskie &#8211; miejsca pami\u0119ci Auschwitz-Birkenau Centrum [&hellip;]<\/p>\n","protected":false},"author":2,"featured_media":0,"parent":2262,"menu_order":5,"comment_status":"open","ping_status":"open","template":"","meta":[],"_links":{"self":[{"href":"https:\/\/regionmazowsze.pl\/index.php?rest_route=\/wp\/v2\/pages\/6861"}],"collection":[{"href":"https:\/\/regionmazowsze.pl\/index.php?rest_route=\/wp\/v2\/pages"}],"about":[{"href":"https:\/\/regionmazowsze.pl\/index.php?rest_route=\/wp\/v2\/types\/page"}],"author":[{"embeddable":true,"href":"https:\/\/regionmazowsze.pl\/index.php?rest_route=\/wp\/v2\/users\/2"}],"replies":[{"embeddable":true,"href":"https:\/\/regionmazowsze.pl\/index.php?rest_route=%2Fwp%2Fv2%2Fcomments&post=6861"}],"version-history":[{"count":68,"href":"https:\/\/regionmazowsze.pl\/index.php?rest_route=\/wp\/v2\/pages\/6861\/revisions"}],"predecessor-version":[{"id":11641,"href":"https:\/\/regionmazowsze.pl\/index.php?rest_route=\/wp\/v2\/pages\/6861\/revisions\/11641"}],"up":[{"embeddable":true,"href":"https:\/\/regionmazowsze.pl\/index.php?rest_route=\/wp\/v2\/pages\/2262"}],"wp:attachment":[{"href":"https:\/\/regionmazowsze.pl\/index.php?rest_route=%2Fwp%2Fv2%2Fmedia&parent=6861"}],"curies":[{"name":"wp","href":"https:\/\/api.w.org\/{rel}","templated":true}]}}